{"id":348,"date":"2018-03-20T20:16:20","date_gmt":"2018-03-20T19:16:20","guid":{"rendered":"http:\/\/www.ises.pwr.edu.pl\/?page_id=348"},"modified":"2025-11-13T13:52:10","modified_gmt":"2025-11-13T12:52:10","slug":"onas","status":"publish","type":"page","link":"https:\/\/www.ises.pwr.edu.pl\/index.php\/onas\/","title":{"rendered":"O nas"},"content":{"rendered":"\n<p class=\"has-text-align-center\"><strong>Temat konferencji:<\/strong> Innowacje i (Cyber)Bezpiecze\u0144stwo we Wzro\u015bcie Wsp\u00f3\u0142czesnych Gospodarek<\/p>\n\n\n\n<p class=\"has-text-align-center\"><strong>Termin konferencji:<\/strong> 08\u201309 grudnia 2025 r.<br><strong>Miejsce:<\/strong> Wroc\u0142aw, Polska<\/p>\n\n\n\n<p class=\"has-text-align-center\"><strong>ICTM 2025 odb\u0119dzie si\u0119 w formule hybrydowej<\/strong><\/p>\n\n\n\n<p><p align=\"justify\">Innowacje cyfrowe oraz media spo\u0142eczno\u015bciowe wywieraj\u0105 silny wp\u0142yw na rozw\u00f3j spo\u0142eczno-gospodarczy spo\u0142ecze\u0144stw, organizacji i gospodarek. Konferencja ICTM 2025 skoncentruje si\u0119 na analizie tego oddzia\u0142ywania w jego licznych wymiarach. Coraz powszechniejsza obecno\u015b\u0107 medi\u00f3w spo\u0142eczno\u015bciowych i innowacji cyfrowych potwierdza ich rosn\u0105ce znaczenie w \u017cyciu cz\u0142owieka. Zastosowanie medi\u00f3w spo\u0142eczno\u015bciowych oraz innowacji cyfrowych stworzy\u0142o bezprecedensowe mo\u017cliwo\u015bci, ale i wyzwania zwi\u0105zane z ich projektowaniem, u\u017cytkowaniem oraz wp\u0142ywem na spo\u0142ecze\u0144stwo, organizacje i jednostki. Praktyczne i warto\u015bciowe wdra\u017canie innowacji cyfrowych oraz medi\u00f3w spo\u0142eczno\u015bciowych wymaga zintegrowanych polityk, planowania oraz w\u0142a\u015bciwego funkcjonowania proces\u00f3w uczenia si\u0119 spo\u0142ecznego. Ich skuteczno\u015b\u0107 zale\u017cy od pe\u0142nego wsparcia udzielanego przez rz\u0105dy, instytucje spo\u0142eczne oraz podmioty prywatne. Dyscypliny powi\u0105zane z tematyk\u0105 konferencji przedstawiono poni\u017cej.<\/p><\/p>\n\n\n\n<p><\/p>\n\n\n\n<p class=\"has-text-align-center\"><br><strong>Zakres tematyczny konferencji obejmuje nast\u0119puj\u0105ce zagadnienia:<\/strong><\/p>\n\n\n\n<p class=\"has-text-align-center\">Zielona transformacja \u2013 odpowied\u017a na wzrost gospodarczy?<\/p>\n\n\n\n<p class=\"has-text-align-center\">Sztuczna inteligencja w psychologii \u2013 narz\u0119dzie i\/lub wsparcie<\/p>\n\n\n\n<p class=\"has-text-align-center\">Sztuczna inteligencja w edukacji i\/lub elearningu<\/p>\n\n\n\n<p class=\"has-text-align-center\">Bezpiecze\u0144stwo (w tym cyberbezpiecze\u0144stwo) wsp\u00f3\u0142czesnych przedsi\u0119biorstw i gospodarek<\/p>\n\n\n\n<p class=\"has-text-align-center\">Turystyka w warunkach zielonej transformacji<\/p>\n\n\n\n<p class=\"has-text-align-center\">Sztuczna inteligencja i technologie ICT jako czynniki wzrostu<\/p>\n\n\n\n<p class=\"has-text-align-center\">Interdyscyplinarne podej\u015bcia do bada\u0144 nad mediami spo\u0142eczno\u015bciowymi \u0142\u0105cz\u0105ce algorytmy obliczeniowe z metodologiami nauk spo\u0142ecznych<\/p>\n\n\n\n<p class=\"has-text-align-center\">Badania z zakresu humanistyki cyfrowej (kultury, historii, sztuki) z wykorzystaniem medi\u00f3w spo\u0142eczno\u015bciowych<\/p>\n\n\n\n<p class=\"has-text-align-center\">Badania psychologiczne, osobowo\u015bciowe i etnograficzne dotycz\u0105ce medi\u00f3w spo\u0142eczno\u015bciowych<\/p>\n\n\n\n<p class=\"has-text-align-center\"><strong>Organizatorzy:<\/strong><\/p>\n\n\n\n<p class=\"has-text-align-center\">Politechnika Wroc\u0142awska, Wydzia\u0142 Zarz\u0105dzania, Katedra Organizacji i Zarz\u0105dzania<\/p>\n\n\n\n<p class=\"has-text-align-center\">Uniwersytet Wroc\u0142awski, Wydzia\u0142 Psychologii<\/p>\n\n\n\n<p class=\"has-text-align-center\">Wy\u017csza Szko\u0142a Zarz\u0105dzania \u201eEdukacja\u201d<\/p>\n\n\n\n<p class=\"has-text-align-center\">Polskie Towarzystwo Psychologii Analitycznej (PTPA), Polska<\/p>\n\n\n\n<p class=\"has-text-align-center\">Stowarzyszenie Analityk\u00f3w Jungowskich w Polsce (SAJ), Polska<\/p>\n\n\n\n<p class=\"has-text-align-center\">The Polish Chapter of the Association for Information Systems (PLAIS)&nbsp;we wsp\u00f3\u0142pracy z SIG GlobDev since 2012&nbsp;                            <a href=\"https:\/\/communities.aisnet.org\/sigglobdev\/home\" target=\"_blank\" rel=\"noreferrer noopener\">https:\/\/communities.aisnet.org\/sigglobdev\/home<\/a><\/p>\n\n\n\n<p class=\"has-text-align-center\"><strong>Patronat Honorowy<\/strong><br>JM Rektor Politechniki Wroc\u0142awskiej<br>JM Rektor Uniwersytetu Wroc\u0142awskiego<br>Urz\u0105d Wojew\u00f3dzki Dolnego \u015al\u0105ska<br>Urz\u0105d Marsza\u0142kowski Wojew\u00f3dztwa Dolno\u015bl\u0105skiego<br>Izba Gospodarcza Eksporter\u00f3w i Importer\u00f3w<br>Politechnika Wroc\u0142awska &#8211; Wydzia\u0142 Zarz\u0105dzania<br>Wroc\u0142awskie Centrum Transferu Technologii Politechniki Wroc\u0142awskiej<br>Akademicki Inkubator Przedsi\u0119biorczo\u015bci Politechniki Wroc\u0142awskiej<\/p>\n\n\n<div class=\"wp-block-image\">\n<figure class=\"aligncenter size-full is-resized\"><img loading=\"lazy\" decoding=\"async\" width=\"427\" height=\"118\" src=\"https:\/\/www.ises.pwr.edu.pl\/wp-content\/uploads\/dpi-1.png\" alt=\"\" class=\"wp-image-2564\" style=\"width:246px;height:auto\" srcset=\"https:\/\/www.ises.pwr.edu.pl\/wp-content\/uploads\/dpi-1.png 427w, https:\/\/www.ises.pwr.edu.pl\/wp-content\/uploads\/dpi-1-300x83.png 300w\" sizes=\"auto, (max-width: 427px) 100vw, 427px\" \/><\/figure><\/div>","protected":false},"excerpt":{"rendered":"<p>Temat konferencji: Innowacje i (Cyber)Bezpiecze\u0144stwo we Wzro\u015bcie Wsp\u00f3\u0142czesnych Gospodarek Termin konferencji: 08\u201309 grudnia 2025 r.Miejsce: Wroc\u0142aw, Polska ICTM 2025 odb\u0119dzie si\u0119 w formule hybrydowej Innowacje cyfrowe oraz media spo\u0142eczno\u015bciowe wywieraj\u0105 silny wp\u0142yw na rozw\u00f3j spo\u0142eczno-gospodarczy spo\u0142ecze\u0144stw, organizacji i gospodarek. Konferencja ICTM 2025 skoncentruje si\u0119 na analizie tego oddzia\u0142ywania w jego licznych wymiarach. Coraz powszechniejsza obecno\u015b\u0107 [&hellip;]<\/p>\n","protected":false},"author":1,"featured_media":0,"parent":0,"menu_order":0,"comment_status":"closed","ping_status":"closed","template":"","meta":{"footnotes":""},"class_list":["post-348","page","type-page","status-publish","hentry"],"_links":{"self":[{"href":"https:\/\/www.ises.pwr.edu.pl\/index.php\/wp-json\/wp\/v2\/pages\/348","targetHints":{"allow":["GET"]}}],"collection":[{"href":"https:\/\/www.ises.pwr.edu.pl\/index.php\/wp-json\/wp\/v2\/pages"}],"about":[{"href":"https:\/\/www.ises.pwr.edu.pl\/index.php\/wp-json\/wp\/v2\/types\/page"}],"author":[{"embeddable":true,"href":"https:\/\/www.ises.pwr.edu.pl\/index.php\/wp-json\/wp\/v2\/users\/1"}],"replies":[{"embeddable":true,"href":"https:\/\/www.ises.pwr.edu.pl\/index.php\/wp-json\/wp\/v2\/comments?post=348"}],"version-history":[{"count":90,"href":"https:\/\/www.ises.pwr.edu.pl\/index.php\/wp-json\/wp\/v2\/pages\/348\/revisions"}],"predecessor-version":[{"id":2565,"href":"https:\/\/www.ises.pwr.edu.pl\/index.php\/wp-json\/wp\/v2\/pages\/348\/revisions\/2565"}],"wp:attachment":[{"href":"https:\/\/www.ises.pwr.edu.pl\/index.php\/wp-json\/wp\/v2\/media?parent=348"}],"curies":[{"name":"wp","href":"https:\/\/api.w.org\/{rel}","templated":true}]}}