{"id":61,"date":"2018-02-14T12:44:33","date_gmt":"2018-02-14T11:44:33","guid":{"rendered":"http:\/\/www.ises.pwr.edu.pl\/?page_id=61"},"modified":"2025-12-12T08:18:39","modified_gmt":"2025-12-12T07:18:39","slug":"conference-schedule","status":"publish","type":"page","link":"https:\/\/www.ises.pwr.edu.pl\/index.php\/en\/conference-schedule\/","title":{"rendered":"Conference schedule"},"content":{"rendered":"\n<!-- CONFERENCE PROGRAMME (EN) \u2014 WordPress \/ Custom HTML block -->\n<i style=\"color:#fd367e\">The organizers reserve the right to make changes to the programme.<\/i>\n<section id=\"conference-programme\" class=\"conf-program\">\n  <h2 style=\"color:#933cdf\">CONFERENCE PROGRAMME: 8\u20139 December 2025<\/h2>\n\n  <h3 id=\"day-1\" style=\"color:#933cdf\">Day I \u2013 Monday, 8 December 2025<\/h3>\n\n  <table>\n    <tbody>\n      <tr>\n        <th scope=\"row\"><time datetime=\"2025-12-08T09:00\">9.00\u201310.00<\/time><\/th>\n        <td><strong style=\"color:#fd367e\">Registration of participants<\/strong><\/td>\n      <\/tr>\n\n      <tr>\n        <th scope=\"row\"><time datetime=\"2025-12-08T10:00\">10.00\u201310.30<\/time><\/th>\n        <td>\n          <strong style=\"color:#fd367e\">Conference Opening<\/strong><br>\n          Chairperson: Assoc. Prof. Ma\u0142gorzata Rutkowska, DSc, PhD, Eng.<br>\n          Dean of the Faculty of Management \u2013 Assoc. Prof. Anna Kowalska-Pyzalska, DSc, PhD, Eng.\n        <\/td>\n      <\/tr>\n\n      <tr>\n        <th scope=\"row\"><time datetime=\"2025-12-08T10:30\">10.30\u201311.45<\/time><\/th>\n        <td>\n          <strong style=\"color:#fd367e\">Plenary Session<\/strong><br>\n          Inaugural Lecture: Prof. Marian Noga \u2013 Polish economist and academic teacher, professor of economics, former rector of the Wroc\u0142aw University of Economics, senator of the 4th and 5th terms, member of the Monetary Policy Council (2004\u20132010).<br>\n          <strong>Topic:<\/strong> Reimagining Global Trade: Innovation, Inclusion and the Africa\u2013Europe Connection<br>\n          <strong>Presentation:<\/strong> Marcin Jab\u0142o\u0144ski \u2013 Vice President of the Chamber of Commerce of Exporters and Importers (IGEI)\n        <\/td>\n      <\/tr>\n\n      <tr>\n        <th scope=\"row\"><time datetime=\"2025-12-08T11:45\">11.45\u201312.00<\/time><\/th>\n        <td><strong style=\"color:#fd367e\">Coffee break<\/strong><\/td>\n      <\/tr>\n\n      <tr>\n        <th scope=\"row\"><time datetime=\"2025-12-08T12:00\">12.00\u201313.45<\/time><\/th>\n        <td>\n          <strong style=\"color:#fd367e\">English-Language Session I<\/strong><br>\n          Information and Communication Technologies for Global Competitiveness<br>\n          Chairperson: Assoc. Prof. Pawe\u0142 Bartoszczuk, DSc, PhD, Eng. \u2013 SGH Warsaw School of Economics\n          <br><br>\n          <ul>\n            <li><strong>Dariusz Dymek, Piotr Soja, Gra\u017cyna Paliwoda-P\u0119kosz<\/strong> \u2013 Towards Identification of Freelancers\u2019 Competence Gap: Preliminary Insights from an International Study<\/li>\n            <li><strong>Aldona Dere\u0144<\/strong> \u2013 The Intellectual Property System in the Digital Economy &#8211; Between Innovation Incentives and Security Challenges<\/li>\n           <li><strong> Jolanta Kowal, Dymitrij Yanchylik, Pawe\u0142 Weichbroth<\/strong> \u2013 Fear to Opportunity: Understanding Attitudes Toward AI in the Labor Force<\/li>\n          <\/ul>\n        <\/td>\n      <\/tr>\n\n      <tr>\n        <th scope=\"row\"><time datetime=\"2025-12-08T13:45\">13.45\u201315.00<\/time><\/th>\n        <td><strong style=\"color:#fd367e\">Lunch<\/strong><\/td>\n      <\/tr>\n\n      <tr>\n        <th scope=\"row\"><time datetime=\"2025-12-08T15:00\">15.00\u201316.00<\/time><\/th>\n        <td>\n          <strong style=\"color:#fd367e\">Parallel Sessions (in-person and online)<\/strong><br>\n\n          <p>\n            \u2022 <em>English-Language Session II<\/em> \u2013 Expatriation and Migration as Determinants of Contemporary Economic Processes<br>\n            &nbsp;&nbsp;Chairperson: Prof. Sylwia Przytu\u0142a, PhD \u2013 Wroc\u0142aw University of Science and Technology\n          <\/p>\n          <ul>\n            <li><strong>Eduardo Tome<\/strong> \u2013 Current Challenges of Economics \u2013 Requirements of Growth, Society and Environment \u2013 The Case of Portugal<\/li>\n            <li><strong>Bruno Allex de Souza, Fl\u00e1vio de S\u00e3o Pedro Filho, Cl\u00e9sia Maria de Oliveira, Jolanta Kowal<\/strong> \u2013 Sustainable Development, Community Participation, and Practicality in the Western Amazon<\/li>\n            <li><strong>Pawe\u0142 Bartoszczuk<\/strong> \u2013 Eco-Innovation as a Pathway to Sustainable Competitiveness<\/li>\n          <\/ul>\n\n          <p>\n            \u2022 <em>English-Language Session III (online)<\/em> \u2013 Managing Cultural Differences<br>\n            &nbsp;&nbsp;Chairperson: Assoc. Prof. Ing. Zuzana K\u0159e\u010dkov\u00e1, M.A., Ph.D. \u2013 Prague University of Economics and Business (Czech Republic)\n          <\/p>\n          <ul>\n          <li><strong>Viktorija Skvarciany<\/strong> \u2013 Forecasting Volatility in the Eurozone: (Gjr)-(E)Garch Approach<\/li>\n          <li><strong>F\u00e1bio Ara\u00fajo, Elvira Vieira, Ana Pinto Borges, Viktorija Skvarciany<\/strong> &#8211;  Brand Orientation and Internal Brand Image: The Employee Perspective in Shaping Brand Performance<\/li>\n            <li><strong>Jana Pieriegud<\/strong> \u2013 Technology-Driven Green Transformation in Rail Transport: Integrating Energy Efficiency, Sustainability, and System Resilience<\/li>\n            <li><strong>Pavel \u017diaran<\/strong> \u2013 Towards a New Questionnaire for Evaluating AI-Based Career Guidance Services<\/li>\n            <li><strong>Monika Ziobrowska<\/strong> \u2013 Participative Leadership in Sustainable, Digitally Transforming Organizations: Corporations Versus Public Administration<\/li>\n            <li><strong>Usama Ahmad Khan, Mukhammad Andri Setiawan<\/strong> \u2013 Challenges Faced by Freelancers in Pakistan and Indonesia: Infrastructure, Payments, and Policy Gaps<\/li>\n            <li><strong>Anthony Chidi Nzomiwu<\/strong> \u2013 Fintech for Inclusive Growth: A Review of DeFi\u2013CeFi Hybrid Models in SME Financing Across Economies<\/li>\n          <\/ul>\n        <\/td>\n      <\/tr>\n\n      <tr>\n        <th scope=\"row\"><time datetime=\"2025-12-08T16:00\">16.00\u201316.30<\/time><\/th>\n        <td><strong style=\"color:#fd367e\">Coffee break<\/strong><\/td>\n      <\/tr>\n\n      <tr>\n        <th scope=\"row\"><time datetime=\"2025-12-08T16:30\">16.30\u201317.30<\/time><\/th>\n        <td>\n          <strong style=\"color:#fd367e\">Polish-Language Session I<\/strong><br>\n          Rozw\u00f3j i innowacyjno\u015b\u0107 spo\u0142ecze\u0144stwa i gospodarki (Development and Innovation in Society and the Economy)<br>\n          Chairperson: Assoc. Prof. Agnieszka Karman, DSc, PhD, Eng. \u2013 UMCS Lublin\n          <br><br>\n          <ul>\n            <li><strong>Zbigniew Malara<\/strong> \u2013 Potencja\u0142 innowacyjny kadry naukowej<\/li>\n            <li><strong>Rados\u0142aw Ry\u0144ca<\/strong> \u2013 Decyzje strategicznego przyw\u00f3dztwa w turbulentnym otoczeniu<\/li>\n            <li><strong>Jerzy Tutaj<\/strong> \u2013 Zarz\u0105dzanie innowacjami w regionie<\/li>\n            <li><strong>Agnieszka Rzepka<\/strong> \u2013 Ewolucja zarz\u0105dzania \u2013 paradygmat kameleona<\/li>\n          <\/ul>\n        <\/td>\n      <\/tr>\n\n      <tr>\n        <th scope=\"row\"><time datetime=\"2025-12-08T18:00\">18.00\u201322.00<\/time><\/th>\n        <td><strong style=\"color:#fd367e\">Gala Dinner<\/strong><\/td>\n      <\/tr>\n    <\/tbody>\n  <\/table>\n\n  <h3 id=\"day-2\" style=\"color:#933cdf\">Day II \u2013 Tuesday, 9 December 2025<\/h3>\n  <table>\n    <tbody>\n      <tr>\n        <th scope=\"row\"><time datetime=\"2025-12-09T10:00\">10.00\u201311.00<\/time><\/th>\n        <td>\n          <strong style=\"color:#fd367e\">Poster Session<\/strong><br>\n          Chairperson: Asst. Prof. Anna Jasi\u0144ska-Biliczak, PhD \u2013 Wroc\u0142aw University of Science and Technology\n          <br><br>\n          <ul>\n            <li><strong>Katarzyna Przyby\u0142a, Ma\u0142gorzata Rutkowska, Maria He\u0142dak<\/strong> \u2013 Ecotheology and Future Eco-Innovations<\/li>\n            <li><strong>Tatiana Pasko, Olena Butenko, Olena Kot, Viktoria Kozub<\/strong> \u2013 Assessment of the Impact of CBAM on the Structure of Ukrainian Export<\/li>\n            <li><strong>Ievgeniia Golisheva<\/strong> \u2013 AI, Empathy, and Values \u2013 Key Marketing 5.0 Trends Shaping Modern Business Transformation<\/li>\n            <li><strong>Piotr Godziewski<\/strong> \u2013 Continuous Delivery of Software Products for Critical Network Infrastructure<\/li>\n            <li><strong>Anna Jasi\u0144ska-Biliczak<\/strong> \u2013 Does Sustainable Development Attractive EU for Young? &#8211; Insights from Migration Problem<\/li>\n            <li><strong>Ma\u0142gorzata Pol<\/strong> \u2013 Czy odpad mo\u017ce sta\u0107 si\u0119 paliwem przysz\u0142o\u015bci? Analiza no\u015bnik\u00f3w energii w kontek\u015bcie zr\u00f3wnowa\u017conego rozwoju?<\/li>\n            <li><strong>Maria He\u0142dak, Katarzyna Przyby\u0142a<\/strong> \u2013 Tourism Gentrification in Relation to Depopulation Processes in the Urban Core<\/li>\n            <li><strong>Agnieszka Parkitna, Aleksandra Mokrzan<\/strong> \u2013 Hyper-personalisation in Marketing and the Responsible Use of AI: Ethical and Legal Challenges<\/li>\n            <li><strong>Dorota Kondratowicz<\/strong> &#8211; Czy Polacy s\u0105 gotowi na e-rekrutacj\u0119?<\/li>\n            <li><strong>Muhammad Jamshed Abbas, Robert Lis<\/strong> A Hybrid Analytical-Deep Learning Approach for Voltage Stability Prediction: FVSI Computation Using RNN Techniques <\/li>\n          <\/ul>\n        <\/td>\n      <\/tr>\n\n      <tr>\n        <th scope=\"row\"><time datetime=\"2025-12-09T11:00\">11.00\u201311.30<\/time><\/th>\n        <td><strong style=\"color:#fd367e\">Coffee break<\/strong><\/td>\n      <\/tr>\n\n      <tr>\n        <th scope=\"row\"><time datetime=\"2025-12-09T11:30\">11.30\u201313.00<\/time><\/th>\n        <td>\n          <strong style=\"color:#fd367e\">Parallel Sessions (in-person and online)<\/strong><br>\n\n          <p>\n            \u2022 <em>English-Language Session IV<\/em> \u2013 Digital Mindset: The Psychology of Entrepreneurship in the ICT Era<br>\n            &nbsp;&nbsp;Chairperson: Assoc. Prof. Jolanta Kowal, PhD \u2013 University of Wroc\u0142aw\n          <\/p>\n           <ul>\n            <li><strong>Jerzy Luty<\/strong> \u2013 Evolved Minds in Digital Networks \u2013 Dunbar\u2019s Number and the Limits of Friendship on Facebook<\/li>\n            <li><strong>Ewa Duda, Ewelina M\u0142ynarczyk-Karabin, Julia Wi\u0119ckiewicz-Modrzewska<\/strong>\nChatbots in the Academic Workflow of a Pedagogical University<\/li>\n            <li><strong>Dorota Kanafa-Chmielewska<\/strong> \u2013 Artificial Intelligence in Psychology \u2013 Tool and\/or Therapeutic Support<\/li>\n            <li><strong>Magdalena \u015alazyk-Sobol, Ma\u0142gorzata Dobrowolska<\/strong> \u2013 Things Are for People: Presentation of the Project E-PROFESSIONS &#8211; Development of Technological Solutions Using VR Allowing Employees with Disabilities to Improve Professional Competences in Virtual Space<\/li>\n            <li><strong>Aker \u00d6zcevik, Jolanta Kowal<\/strong> \u2013 Psychoanalysis \u00e1 la Machine: Are Chatbots the New Jungians?<\/li>\n          <li><strong>Jolanta Kowal, Jaros\u0142aw Klebaniuk, Karolina Olejnik, Pawe\u0142 Weichbroth<\/strong>\t\nPsychological Well-Being and Social Media During the Pandemic: Evidence, Research Gaps, and Future Research Directions<\/li>\n  <li><strong>Yasmin Ziaeian<\/strong> \u2013 Strategic Management in Women-Led Iranian Startups: A Qualitative Study of Brand Strategy, Market Identity, and Value Creation<\/li>\n          <\/ul>\n          <p>\n            \u2022 <em>English-Language Session V \u2013 PhD Candidates Section<\/em><br>\n            &nbsp;&nbsp;Chairpersons: Assoc. Prof. Katarzyna Przyby\u0142a, PhD and Assoc. Prof. Maria He\u0142dak, DSc, PhD, Eng. \u2013 Wroc\u0142aw University of Environmental and Life Sciences\n          <\/p>\n         <ul>\n            <li><strong>No\u00eblla Doli\u0144ska, Arnoud Huisman<\/strong> \u2013 AI-Ready Medical Devices and Compliance: A Semi-Systematic Review of Economic Implications for Healthcare Digital Transformation<\/li>\n            <li><strong>No\u00eblla Doli\u0144ska, Gabriela Wojciechowska, \u0141ukasz Bednarz<\/strong> \u2013 Digital Innovation for Structural Health Monitoring in Heritage Buildings: A Semi-Systematic Review of AI, IoT Sensors, and Management Strategies<\/li>\n            <li><strong>\u0141ukasz Soko\u0142owski<\/strong> \u2013 Modern ICT Management in the Automotive Sector: Data, Cybersecurity, and Digital Platforms<\/li>\n            <li><strong>Micha\u0142 Tukaj<\/strong> \u2013 Optymalizacja \u0142a\u0144cucha dostaw w przemy\u015ble fotowoltaicznym<\/li>\n            <li><strong>Dagmara Jaworska, Yaroslav Bezyk, Miros\u0142aw Zimnoch, Izabela S\u00f3wka<\/strong> \u2013 Artificial Intelligence in Environmental Sciences \u2014 AI for Assessing CO\u2082 Exchange in Urban Green Spaces: A Preliminary Review<\/li>\n          <\/ul>\n\n        <\/td>\n      <\/tr>\n\n      <tr>\n        <th scope=\"row\"><time datetime=\"2025-12-09T13:00\">13.00\u201314.00<\/time><\/th>\n        <td><strong style=\"color:#fd367e\">Lunch<\/strong><\/td>\n      <\/tr>\n\n      <tr>\n        <th scope=\"row\"><time datetime=\"2025-12-09T14:00\">14.00\u201314.30<\/time><\/th>\n        <td>\n          <strong style=\"color:#fd367e\">Closing of the Conference \/ Summary of Section Proceedings<\/strong><br>\n          Chairperson: Assoc. Prof. Ma\u0142gorzata Rutkowska, DSc, PhD, Eng. \u2013 Wroc\u0142aw University of Science and Technology\n        <\/td>\n      <\/tr>\n\n      <tr>\n        <th scope=\"row\"><time datetime=\"2025-12-09T14:45\">14.45<\/time><\/th>\n        <td><strong style=\"color:#fd367e\">Social Event:<\/strong> The Wroc\u0142aw Christmas Fair<\/td>\n      <\/tr>\n    <\/tbody>\n  <\/table>\n<\/section>\n\n<!-- Minimal, theme-safe inline styles (remove if your theme styles tables itself) -->\n<style>\n  .conf-program table { width: 100%; border-collapse: collapse; margin: 0 0 1.5rem; }\n  .conf-program th, .conf-program td { padding: .6rem .8rem; vertical-align: top; border-bottom: 1px solid rgba(0,0,0,.08); }\n  .conf-program th { width: 12rem; text-align: left; white-space: nowrap; }\n  .conf-program h2, .conf-program h3 { margin-top: 1.2rem; }\n  .conf-program ul { margin: .4rem 0 .6rem 1.2rem; padding: 0; }\n<\/style>\n\n<!-- (Optional) JSON-LD for SEO: multi-day event -->\n<script type=\"application\/ld+json\">\n{\n  \"@context\": \"https:\/\/schema.org\",\n  \"@type\": \"Event\",\n  \"name\": \"Conference Programme: 8\u20139 December 2025\",\n  \"startDate\": \"2025-12-08T09:00:00+01:00\",\n  \"endDate\": \"2025-12-09T15:00:00+01:00\",\n  \"eventAttendanceMode\": \"https:\/\/schema.org\/MixedEventAttendanceMode\",\n  \"eventStatus\": \"https:\/\/schema.org\/EventScheduled\",\n  \"language\": \"en\",\n  \"location\": {\n    \"@type\": \"Place\",\n    \"name\": \"Wroc\u0142aw University of Science and Technology\",\n    \"address\": {\n      \"@type\": \"PostalAddress\",\n      \"addressLocality\": \"Wroc\u0142aw\",\n      \"addressCountry\": \"PL\"\n    }\n  }\n}\n<\/script>\n","protected":false},"excerpt":{"rendered":"<p>The organizers reserve the right to make changes to the programme. CONFERENCE PROGRAMME: 8\u20139 December 2025 Day I \u2013 Monday, 8 December 2025 9.00\u201310.00 Registration of participants 10.00\u201310.30 Conference Opening Chairperson: Assoc. Prof. Ma\u0142gorzata Rutkowska, DSc, PhD, Eng. Dean of the Faculty of Management \u2013 Assoc. Prof. Anna Kowalska-Pyzalska, DSc, PhD, Eng. 10.30\u201311.45 Plenary Session [&hellip;]<\/p>\n","protected":false},"author":1,"featured_media":0,"parent":0,"menu_order":0,"comment_status":"closed","ping_status":"closed","template":"","meta":{"footnotes":""},"class_list":["post-61","page","type-page","status-publish","hentry"],"_links":{"self":[{"href":"https:\/\/www.ises.pwr.edu.pl\/index.php\/wp-json\/wp\/v2\/pages\/61","targetHints":{"allow":["GET"]}}],"collection":[{"href":"https:\/\/www.ises.pwr.edu.pl\/index.php\/wp-json\/wp\/v2\/pages"}],"about":[{"href":"https:\/\/www.ises.pwr.edu.pl\/index.php\/wp-json\/wp\/v2\/types\/page"}],"author":[{"embeddable":true,"href":"https:\/\/www.ises.pwr.edu.pl\/index.php\/wp-json\/wp\/v2\/users\/1"}],"replies":[{"embeddable":true,"href":"https:\/\/www.ises.pwr.edu.pl\/index.php\/wp-json\/wp\/v2\/comments?post=61"}],"version-history":[{"count":117,"href":"https:\/\/www.ises.pwr.edu.pl\/index.php\/wp-json\/wp\/v2\/pages\/61\/revisions"}],"predecessor-version":[{"id":2615,"href":"https:\/\/www.ises.pwr.edu.pl\/index.php\/wp-json\/wp\/v2\/pages\/61\/revisions\/2615"}],"wp:attachment":[{"href":"https:\/\/www.ises.pwr.edu.pl\/index.php\/wp-json\/wp\/v2\/media?parent=61"}],"curies":[{"name":"wp","href":"https:\/\/api.w.org\/{rel}","templated":true}]}}